{"id":1543,"date":"2019-12-03T09:15:31","date_gmt":"2019-12-03T09:15:31","guid":{"rendered":"http:\/\/www.icterra.pt\/?page_id=1543"},"modified":"2020-12-03T15:10:25","modified_gmt":"2020-12-03T15:10:25","slug":"networks","status":"publish","type":"page","link":"https:\/\/www.icterra.pt\/legacy\/index.php\/networks\/","title":{"rendered":"Networks and Partnerships"},"content":{"rendered":"<p style=\"text-align: justify;\"><span style=\"font-size: 12pt; font-family: arial, helvetica, sans-serif;\"><strong>CILIFO<\/strong><\/span><\/p>\n<p style=\"text-align: justify;\">\n<p style=\"text-align: justify;\"><span style=\"font-family: arial, helvetica, sans-serif; font-size: 12pt;\">O projeto \u201c<a href=\"http:\/\/cilifo.eu\/\">Centro Ib\u00e9rico para a Investiga\u00e7\u00e3o e Luta Contra inc\u00eandios Florestais<\/a>\u201d CILIFO (0753\u00ad_CILIFO_5_E) disp\u00f5e de um or\u00e7amento total de 24,6\u00a0 milh\u00f5es de euros, dos quais 75% s\u00e3o financiados pelo Programa de Coopera\u00e7\u00e3o Transfronteiri\u00e7a Interreg V-A\u00a0 Espanha-Portugal \u2013 Interreg POCTEP (2014-2020).<\/span><\/p>\n<p style=\"text-align: justify;\"><span style=\"font-family: arial, helvetica, sans-serif; font-size: 12pt;\">O CILIFO enquadra-se\u00a0 no Programa POCTEP,\u00a0 Objetivo Tem\u00e1tico \u201c5 \u2013 Promover a adapta\u00e7\u00e3o \u00e0s altera\u00e7\u00f5es clim\u00e1ticas e a preven\u00e7\u00e3o e gest\u00e3o de riscos\u201d; e na Prioridade de Investimento \u201c5B \u2013 Promo\u00e7\u00e3o de investimentos para fazer face a riscos espec\u00edficos, assegurar a capacidade de resili\u00eancia \u00e0s cat\u00e1strofes e desenvolver sistemas de gest\u00e3o de cat\u00e1strofes\u201d.<\/span><\/p>\n<p style=\"text-align: justify;\"><span style=\"font-family: arial, helvetica, sans-serif; font-size: 12pt;\">O projeto, cuja dura\u00e7\u00e3o \u00e9 de tr\u00eas anos (01\/01\/2019-12\/12\/2021) pretende, atrav\u00e9s dos resultados previstos nas suas atividades, constituir-se como um Centro permanente para o desenvolvimento e promo\u00e7\u00e3o da forma\u00e7\u00e3o, sensibiliza\u00e7\u00e3o, investiga\u00e7\u00e3o e coopera\u00e7\u00e3o no combate aos inc\u00eandios florestais.<\/span><\/p>\n<p style=\"text-align: justify;\"><span style=\"font-family: arial, helvetica, sans-serif; font-size: 12pt;\">Objetivos do CILIFO<\/span><\/p>\n<ol style=\"text-align: justify;\">\n<li><span style=\"font-family: arial, helvetica, sans-serif; font-size: 12pt;\">Refor\u00e7ar e promover a coopera\u00e7\u00e3o, os procedimentos de trabalho e a forma\u00e7\u00e3o entre os Dispositivos de Preven\u00e7\u00e3o e Extin\u00e7\u00e3o de Inc\u00eandios Florestais dentro da \u00e1rea de coopera\u00e7\u00e3o da Euro Regi\u00e3o Alentejo \u2013 Algarve \u2013 Andaluzia.<\/span><\/li>\n<li><span style=\"font-family: arial, helvetica, sans-serif; font-size: 12pt;\">Promover a cria\u00e7\u00e3o de emprego duradouro e de qualidade na \u00e1rea de influ\u00eancia do projeto; reduzir o custo econ\u00f3mico dos inc\u00eandios fomentando a economia rural ligada \u00e0 paisagem.<\/span><\/li>\n<li><span style=\"font-family: arial, helvetica, sans-serif; font-size: 12pt;\">Melhorar a capacidade de resposta face aos inc\u00eandios florestais das entidades e autoridades implicadas no combate aos mesmos nas tr\u00eas regi\u00f5es participantes.<\/span><\/li>\n<\/ol>\n<p style=\"text-align: justify;\">\n<p style=\"text-align: justify;\"><span style=\"font-size: 12pt; font-family: arial, helvetica, sans-serif;\"><strong>STRATEGY CCUS<\/strong><\/span><\/p>\n<p style=\"text-align: justify;\"><span style=\"font-size: 12pt; font-family: arial, helvetica, sans-serif;\">O projeto STRATEGY CCUS \u2013 <em>Strategic planning of Regions and Territories in Europe for low-carbon energy and industry through CCUS Coordination and Support Action<\/em> &#8211; \u00e9 liderado pelo BRGM, o Instituto franc\u00eas de investiga\u00e7\u00e3o geol\u00f3gica e mineira, e \u00e9 uma colabora\u00e7\u00e3o de<a href=\"https:\/\/www.strategyccus.eu\/about-project\/partners\"> 17 parceiros acad\u00e9micos e industriais de 10 pa\u00edses<\/a> (Fran\u00e7a, Espanha, Portugal, Gr\u00e9cia, Cro\u00e1cia, Reino Unido, Rom\u00e9nia, Pol\u00f3nia, Alemanha e Noruega). \u00c9 financiado pelo Horizonte 2020, programa da Uni\u00e3o Europeia de investiga\u00e7\u00e3o de inova\u00e7\u00e3o, ao abrigo do contrato N\u00ba 837754. Teve in\u00edcio em 2019 e vai desenvolver-se at\u00e9 2022. <a href=\"http:\/\/www.strategyccus.eu\">www.strategyccus.eu<\/a>.<\/span><\/p>\n<p style=\"text-align: justify;\"><span style=\"font-size: 12pt; font-family: arial, helvetica, sans-serif;\">Os consultores externos e os parceiros do projeto, incluindo os participantes portugueses CIMPOR, Dire\u00e7\u00e3o Geral de Energia e Geologia, Universidade de \u00c9vora e Universidade Nova de Lisboa, selecionaram como zonas de maior potencial para a implanta\u00e7\u00e3o em larga escala das tecnologia CCUS, o <a href=\"https:\/\/www.strategyccus.eu\/about-project\/regions\/rh%c3%b4ne-valley-france\">Vale do R\u00f3dano<\/a> na Fran\u00e7a, a <a href=\"https:\/\/www.strategyccus.eu\/about-project\/regions\/ebro-basin-spain\">Bacia do Ebro<\/a> em Espanha, e a <a href=\"https:\/\/www.strategyccus.eu\/about-project\/regions\/lusitanian-basin-portugal\">Bacia Lusitaniana<\/a> em Portugal [2]. Este processo de sele\u00e7\u00e3o foi baseado num conjunto de crit\u00e9rios que inclui a exist\u00eancia de <em>clusters<\/em> industriais, condi\u00e7\u00f5es de transporte e armazenamento geol\u00f3gico de CO<sub>2<\/sub> e oportunidades para a utiliza\u00e7\u00e3o do CO<sub>2<\/sub>.<\/span><\/p>\n<p style=\"text-align: justify;\"><span style=\"font-size: 12pt; font-family: arial, helvetica, sans-serif;\">A regi\u00e3o de estudo selecionada em Portugal fica na chamada Bacia Lusitaniana, e estende-se pela zona Oeste de Portugal, quer <em>onshore<\/em> quer <em>offshore<\/em>, abrangendo as principais instala\u00e7\u00f5es emissoras de CO<sub>2<\/sub> situadas entre Figueira da Foz e Set\u00fabal.\u00a0\u00a0<\/span><\/p>\n<p style=\"text-align: justify;\"><span style=\"font-size: 12pt; font-family: arial, helvetica, sans-serif;\">[2] As regi\u00f5es selecionadas para estudos mais aprofundados incluem as seguintes zonas industriais (infografia <a href=\"https:\/\/www.strategyccus.eu\/about-project\/regions\">aqui<\/a>.)<\/span><\/p>\n<ul>\n<li style=\"text-align: justify;\"><span style=\"font-size: 12pt; font-family: arial, helvetica, sans-serif;\">O Vale do R\u00f3dano, na Fran\u00e7a, inclui o cluster Fos-Berre \/ Marselha, alvo do <em>SET-Plan Action 9<\/em> (como projeto principal) e a regi\u00e3o de Lyon.<\/span><\/li>\n<li style=\"text-align: justify;\"><span style=\"font-size: 12pt; font-family: arial, helvetica, sans-serif;\">A Bacia do Ebro, em Espanha, inclui a \u00e1rea industrial de Tarragona e as \u00e1reas norte de Castell\u00f3n e de Teruel.<\/span><\/li>\n<li style=\"text-align: justify;\"><span style=\"font-size: 12pt; font-family: arial, helvetica, sans-serif;\">A Bacia Lusitaniana em Portugal inclui fontes emissoras de CO<sub>2<\/sub> entre Set\u00fabal e Figueira da Foz;<\/span><\/li>\n<li style=\"text-align: justify;\"><span style=\"font-size: 12pt; font-family: arial, helvetica, sans-serif;\">O Norte da Cro\u00e1cia inclui Zagreb e a parte croata da bacia da Pan\u00f4nia.<\/span><\/li>\n<\/ul>\n","protected":false},"excerpt":{"rendered":"<p>CILIFO O projeto \u201cCentro Ib\u00e9rico para a Investiga\u00e7\u00e3o e Luta Contra inc\u00eandios Florestais\u201d CILIFO (0753\u00ad_CILIFO_5_E) disp\u00f5e de um or\u00e7amento total de 24,6\u00a0 milh\u00f5es de euros, dos quais 75% s\u00e3o financiados pelo Programa de Coopera\u00e7\u00e3o Transfronteiri\u00e7a Interreg V-A\u00a0 Espanha-Portugal \u2013 Interreg POCTEP (2014-2020). O CILIFO enquadra-se\u00a0 no Programa POCTEP,\u00a0 Objetivo Tem\u00e1tico \u201c5 \u2013 Promover a adapta\u00e7\u00e3o [&hellip;]<\/p>\n","protected":false},"author":3,"featured_media":0,"parent":0,"menu_order":0,"comment_status":"closed","ping_status":"closed","template":"","meta":{"footnotes":""},"_links":{"self":[{"href":"https:\/\/www.icterra.pt\/legacy\/index.php\/wp-json\/wp\/v2\/pages\/1543"}],"collection":[{"href":"https:\/\/www.icterra.pt\/legacy\/index.php\/wp-json\/wp\/v2\/pages"}],"about":[{"href":"https:\/\/www.icterra.pt\/legacy\/index.php\/wp-json\/wp\/v2\/types\/page"}],"author":[{"embeddable":true,"href":"https:\/\/www.icterra.pt\/legacy\/index.php\/wp-json\/wp\/v2\/users\/3"}],"replies":[{"embeddable":true,"href":"https:\/\/www.icterra.pt\/legacy\/index.php\/wp-json\/wp\/v2\/comments?post=1543"}],"version-history":[{"count":5,"href":"https:\/\/www.icterra.pt\/legacy\/index.php\/wp-json\/wp\/v2\/pages\/1543\/revisions"}],"predecessor-version":[{"id":2910,"href":"https:\/\/www.icterra.pt\/legacy\/index.php\/wp-json\/wp\/v2\/pages\/1543\/revisions\/2910"}],"wp:attachment":[{"href":"https:\/\/www.icterra.pt\/legacy\/index.php\/wp-json\/wp\/v2\/media?parent=1543"}],"curies":[{"name":"wp","href":"https:\/\/api.w.org\/{rel}","templated":true}]}}