{"id":1183,"date":"2019-11-04T16:52:42","date_gmt":"2019-11-04T16:52:42","guid":{"rendered":"http:\/\/www.icterra.pt\/?page_id=1183"},"modified":"2019-12-18T21:40:00","modified_gmt":"2019-12-18T21:40:00","slug":"events","status":"publish","type":"page","link":"https:\/\/www.icterra.pt\/legacy\/index.php\/events\/","title":{"rendered":"Events"},"content":{"rendered":"<div class=\"postlist withthumb cardview\"><span class=\"thumbmagic\"><a href=\"https:\/\/www.icterra.pt\/legacy\/index.php\/2024\/05\/28\/29-de-maio-1430h-clav-anf1-ict-seminar-research-activities-on-the-miombo-forest-at-the-university-of-lubumbashi-dr-congo\/\" title=\"29 de maio, 14:30h, CLAV - Anf1: ICT Seminar Research activities on the Miombo forest at the University of Lubumbashi, DR Congo\"><img loading=\"lazy\" decoding=\"async\" width=\"212\" height=\"300\" src=\"https:\/\/www.icterra.pt\/legacy\/wp-content\/uploads\/2024\/05\/Seminar_Prof.-Jonathan_ERASMUS-AMIGO_page-0001-212x300.jpg\" class=\"lcp_thumbnail wp-post-image\" alt=\"29 de maio, 14:30h, CLAV - Anf1: ICT Seminar Research activities on the Miombo forest at the University of Lubumbashi, DR Congo\" srcset=\"https:\/\/www.icterra.pt\/legacy\/wp-content\/uploads\/2024\/05\/Seminar_Prof.-Jonathan_ERASMUS-AMIGO_page-0001-212x300.jpg 212w, https:\/\/www.icterra.pt\/legacy\/wp-content\/uploads\/2024\/05\/Seminar_Prof.-Jonathan_ERASMUS-AMIGO_page-0001-724x1024.jpg 724w, https:\/\/www.icterra.pt\/legacy\/wp-content\/uploads\/2024\/05\/Seminar_Prof.-Jonathan_ERASMUS-AMIGO_page-0001-768x1086.jpg 768w, https:\/\/www.icterra.pt\/legacy\/wp-content\/uploads\/2024\/05\/Seminar_Prof.-Jonathan_ERASMUS-AMIGO_page-0001-1086x1536.jpg 1086w, https:\/\/www.icterra.pt\/legacy\/wp-content\/uploads\/2024\/05\/Seminar_Prof.-Jonathan_ERASMUS-AMIGO_page-0001-820x1160.jpg 820w, https:\/\/www.icterra.pt\/legacy\/wp-content\/uploads\/2024\/05\/Seminar_Prof.-Jonathan_ERASMUS-AMIGO_page-0001.jpg 1241w\" sizes=\"(max-width: 212px) 100vw, 212px\" \/><\/a><\/span><div class=\"lcp-container\"><h3><a href=\"https:\/\/www.icterra.pt\/legacy\/index.php\/2024\/05\/28\/29-de-maio-1430h-clav-anf1-ict-seminar-research-activities-on-the-miombo-forest-at-the-university-of-lubumbashi-dr-congo\/\" title=\"29 de maio, 14:30h, CLAV &#8211; Anf1: ICT Seminar Research activities on the Miombo forest at the University of Lubumbashi, DR Congo\">29 de maio, 14:30h, CLAV &#8211; Anf1: ICT Seminar Research activities on the Miombo forest at the University of Lubumbashi, DR Congo<\/a><\/h3>    <p class=\"lcp_excerpt\">Research activities on the Miombo forest at the University of Lubumbashi, DR Congo\n29 de maio, 14:30h, CLAV &#8211; Anf1\nJonathan Muledi\nProfessorof Forestry Dendrometry Natural Resources Management\nDepartment Faculty of Science, University of Lubumbashi, R.D. Congo\n&nbsp;\n<\/p><div class=\"morelink\"> <a href=\"https:\/\/www.icterra.pt\/legacy\/index.php\/2024\/05\/28\/29-de-maio-1430h-clav-anf1-ict-seminar-research-activities-on-the-miombo-forest-at-the-university-of-lubumbashi-dr-congo\/\"  >Read more...<\/a><\/div><\/div><\/div><div class=\"postlist withthumb cardview\"><span class=\"thumbmagic\"><a href=\"https:\/\/www.icterra.pt\/legacy\/index.php\/2024\/05\/17\/concurso-de-fotografia-restaurar-a-terra-um-passo-na-resiliencia-a-seca-e-combate-a-desertificacao-preocupacoes-de-uma-regiao\/\" title=\"Concurso de fotografia &quot;Restaurar a Terra, um passo na resili\u00eancia \u00e0 seca e combate \u00e0 desertifica\u00e7\u00e3o: Preocupa\u00e7\u00f5es de uma regi\u00e3o\"><img loading=\"lazy\" decoding=\"async\" width=\"300\" height=\"169\" src=\"https:\/\/www.icterra.pt\/legacy\/wp-content\/uploads\/2024\/05\/Cartaz_Horiz-300x169.jpg\" class=\"lcp_thumbnail wp-post-image\" alt=\"Concurso de fotografia &quot;Restaurar a Terra, um passo na resili\u00eancia \u00e0 seca e combate \u00e0 desertifica\u00e7\u00e3o: Preocupa\u00e7\u00f5es de uma regi\u00e3o\" srcset=\"https:\/\/www.icterra.pt\/legacy\/wp-content\/uploads\/2024\/05\/Cartaz_Horiz-300x169.jpg 300w, https:\/\/www.icterra.pt\/legacy\/wp-content\/uploads\/2024\/05\/Cartaz_Horiz-1024x576.jpg 1024w, https:\/\/www.icterra.pt\/legacy\/wp-content\/uploads\/2024\/05\/Cartaz_Horiz-768x432.jpg 768w, https:\/\/www.icterra.pt\/legacy\/wp-content\/uploads\/2024\/05\/Cartaz_Horiz-1536x864.jpg 1536w, https:\/\/www.icterra.pt\/legacy\/wp-content\/uploads\/2024\/05\/Cartaz_Horiz-820x461.jpg 820w, https:\/\/www.icterra.pt\/legacy\/wp-content\/uploads\/2024\/05\/Cartaz_Horiz.jpg 2048w\" sizes=\"(max-width: 300px) 100vw, 300px\" \/><\/a><\/span><div class=\"lcp-container\"><h3><a href=\"https:\/\/www.icterra.pt\/legacy\/index.php\/2024\/05\/17\/concurso-de-fotografia-restaurar-a-terra-um-passo-na-resiliencia-a-seca-e-combate-a-desertificacao-preocupacoes-de-uma-regiao\/\" title=\"Concurso de fotografia &#8220;Restaurar a Terra, um passo na resili\u00eancia \u00e0 seca e combate \u00e0 desertifica\u00e7\u00e3o: Preocupa\u00e7\u00f5es de uma regi\u00e3o\">Concurso de fotografia &#8220;Restaurar a Terra, um passo na resili\u00eancia \u00e0 seca e combate \u00e0 desertifica\u00e7\u00e3o: Preocupa\u00e7\u00f5es de uma regi\u00e3o<\/a><\/h3>    <p class=\"lcp_excerpt\">Comemora-se a 5 junho\u00a0 o Dia Mundial do Ambiente,\u00a0 institu\u00eddo em 1972 pelas Na\u00e7\u00f5es Unidas. Assinala-se tamb\u00e9m em junho, no dia 17, o Dia Mundial de Combate \u00e0 Desertifica\u00e7\u00e3o e \u00e0 Seca, declarado oficialmente pela Assembleia Geral das Na\u00e7\u00f5es Unidas em 1994.\nAs unidades de investiga\u00e7\u00e3o Instituto de Ci\u00eancias da Terra , VISTA Lab e CREATE ...<\/p><div class=\"morelink\"> <a href=\"https:\/\/www.icterra.pt\/legacy\/index.php\/2024\/05\/17\/concurso-de-fotografia-restaurar-a-terra-um-passo-na-resiliencia-a-seca-e-combate-a-desertificacao-preocupacoes-de-uma-regiao\/\"  >Read more...<\/a><\/div><\/div><\/div><div class=\"postlist withthumb cardview\"><span class=\"thumbmagic\"><a href=\"https:\/\/www.icterra.pt\/legacy\/index.php\/2024\/04\/15\/atelier-de-escrita-cientifica-28-e-29-de-maio\/\" title=\"ATELIER DE ESCRITA CIENT\u00cdFICA - 28 e 29 de maio\"><img loading=\"lazy\" decoding=\"async\" width=\"212\" height=\"300\" src=\"https:\/\/www.icterra.pt\/legacy\/wp-content\/uploads\/2024\/04\/cartaz_Atelier_2024_page-0001-212x300.jpg\" class=\"lcp_thumbnail wp-post-image\" alt=\"ATELIER DE ESCRITA CIENT\u00cdFICA - 28 e 29 de maio\" srcset=\"https:\/\/www.icterra.pt\/legacy\/wp-content\/uploads\/2024\/04\/cartaz_Atelier_2024_page-0001-212x300.jpg 212w, https:\/\/www.icterra.pt\/legacy\/wp-content\/uploads\/2024\/04\/cartaz_Atelier_2024_page-0001-725x1024.jpg 725w, https:\/\/www.icterra.pt\/legacy\/wp-content\/uploads\/2024\/04\/cartaz_Atelier_2024_page-0001-768x1085.jpg 768w, https:\/\/www.icterra.pt\/legacy\/wp-content\/uploads\/2024\/04\/cartaz_Atelier_2024_page-0001-1087x1536.jpg 1087w, https:\/\/www.icterra.pt\/legacy\/wp-content\/uploads\/2024\/04\/cartaz_Atelier_2024_page-0001-820x1159.jpg 820w, https:\/\/www.icterra.pt\/legacy\/wp-content\/uploads\/2024\/04\/cartaz_Atelier_2024_page-0001.jpg 1241w\" sizes=\"(max-width: 212px) 100vw, 212px\" \/><\/a><\/span><div class=\"lcp-container\"><h3><a href=\"https:\/\/www.icterra.pt\/legacy\/index.php\/2024\/04\/15\/atelier-de-escrita-cientifica-28-e-29-de-maio\/\" title=\"ATELIER DE ESCRITA CIENT\u00cdFICA &#8211; 28 e 29 de maio\">ATELIER DE ESCRITA CIENT\u00cdFICA &#8211; 28 e 29 de maio<\/a><\/h3>    <p class=\"lcp_excerpt\">Nos pr\u00f3ximos dias\u00a028 e 29 de maio\u00a0realiza-se no Observat\u00f3rio Geof\u00edsico e Astron\u00f3mico da Universidade de Coimbra um\u00a0Atelier de Escrita Cient\u00edfica, promovido pelo CGeo, ICT e o IDL.\n\nIdealizado para\u00a0estudantes de mestrado e doutoramento em Ci\u00eancias da Terra, mas aberto a qualquer interessado, neste atelier pretendemos partilhar ferramentas para a escrita geocient\u00edfica que ser\u00e1, nesta 2\u00aa edi\u00e7\u00e3o, ...<\/p><div class=\"morelink\"> <a href=\"https:\/\/www.icterra.pt\/legacy\/index.php\/2024\/04\/15\/atelier-de-escrita-cientifica-28-e-29-de-maio\/\"  >Read more...<\/a><\/div><\/div><\/div><div class=\"postlist withthumb cardview\"><span class=\"thumbmagic\"><a href=\"https:\/\/www.icterra.pt\/legacy\/index.php\/2024\/04\/15\/11th-hispano-portuguese-assembly-of-geodesy-and-geophysics-between-the-24th-and-28th-june-university-of-evora\/\" title=\"11th Hispano-Portuguese Assembly of Geodesy and Geophysics: between the 24th and 28th june, University of \u00c9vora\"><img loading=\"lazy\" decoding=\"async\" width=\"300\" height=\"119\" src=\"https:\/\/www.icterra.pt\/legacy\/wp-content\/uploads\/2024\/04\/Logo_ALEGG_novo_transparente-09-300x119.png\" class=\"lcp_thumbnail wp-post-image\" alt=\"11th Hispano-Portuguese Assembly of Geodesy and Geophysics: between the 24th and 28th june, University of \u00c9vora\" srcset=\"https:\/\/www.icterra.pt\/legacy\/wp-content\/uploads\/2024\/04\/Logo_ALEGG_novo_transparente-09-300x119.png 300w, https:\/\/www.icterra.pt\/legacy\/wp-content\/uploads\/2024\/04\/Logo_ALEGG_novo_transparente-09-1024x405.png 1024w, https:\/\/www.icterra.pt\/legacy\/wp-content\/uploads\/2024\/04\/Logo_ALEGG_novo_transparente-09-768x304.png 768w, https:\/\/www.icterra.pt\/legacy\/wp-content\/uploads\/2024\/04\/Logo_ALEGG_novo_transparente-09-1536x608.png 1536w, https:\/\/www.icterra.pt\/legacy\/wp-content\/uploads\/2024\/04\/Logo_ALEGG_novo_transparente-09-2048x811.png 2048w, https:\/\/www.icterra.pt\/legacy\/wp-content\/uploads\/2024\/04\/Logo_ALEGG_novo_transparente-09-820x325.png 820w\" sizes=\"(max-width: 300px) 100vw, 300px\" \/><\/a><\/span><div class=\"lcp-container\"><h3><a href=\"https:\/\/www.icterra.pt\/legacy\/index.php\/2024\/04\/15\/11th-hispano-portuguese-assembly-of-geodesy-and-geophysics-between-the-24th-and-28th-june-university-of-evora\/\" title=\"11th Hispano-Portuguese Assembly of Geodesy and Geophysics: between the 24th and 28th june, University of \u00c9vora\">11th Hispano-Portuguese Assembly of Geodesy and Geophysics: between the 24th and 28th june, University of \u00c9vora<\/a><\/h3>    <p class=\"lcp_excerpt\">A Assembleia Luso Espanhola de Geodesia e Geof\u00edsica que teve a sua primeira edi\u00e7\u00e3o em Almeria no ano de 1998, come\u00e7ou por se reunir de dois em dois anos com car\u00e1cter alternado entre os dois pa\u00edses respons\u00e1veis, Espanha e Portugal. Ao longo das suas edi\u00e7\u00f5es consolidou-se um foro de investiga\u00e7\u00e3o nos campos da Geodesia, Sismologia, ...<\/p><div class=\"morelink\"> <a href=\"https:\/\/www.icterra.pt\/legacy\/index.php\/2024\/04\/15\/11th-hispano-portuguese-assembly-of-geodesy-and-geophysics-between-the-24th-and-28th-june-university-of-evora\/\"  >Read more...<\/a><\/div><\/div><\/div><div class=\"postlist withthumb cardview\"><span class=\"thumbmagic\"><a href=\"https:\/\/www.icterra.pt\/legacy\/index.php\/2024\/03\/15\/geologia-as-4as-2\/\" title=\"Geologia \u00e0s 4as\"><img loading=\"lazy\" decoding=\"async\" width=\"208\" height=\"300\" src=\"https:\/\/www.icterra.pt\/legacy\/wp-content\/uploads\/2024\/03\/4_Geo4f_Nayak_page-0001-208x300.jpg\" class=\"lcp_thumbnail wp-post-image\" alt=\"Geologia \u00e0s 4as\" srcset=\"https:\/\/www.icterra.pt\/legacy\/wp-content\/uploads\/2024\/03\/4_Geo4f_Nayak_page-0001-208x300.jpg 208w, https:\/\/www.icterra.pt\/legacy\/wp-content\/uploads\/2024\/03\/4_Geo4f_Nayak_page-0001-709x1024.jpg 709w, https:\/\/www.icterra.pt\/legacy\/wp-content\/uploads\/2024\/03\/4_Geo4f_Nayak_page-0001-768x1109.jpg 768w, https:\/\/www.icterra.pt\/legacy\/wp-content\/uploads\/2024\/03\/4_Geo4f_Nayak_page-0001-1063x1536.jpg 1063w, https:\/\/www.icterra.pt\/legacy\/wp-content\/uploads\/2024\/03\/4_Geo4f_Nayak_page-0001-820x1184.jpg 820w, https:\/\/www.icterra.pt\/legacy\/wp-content\/uploads\/2024\/03\/4_Geo4f_Nayak_page-0001.jpg 1125w\" sizes=\"(max-width: 208px) 100vw, 208px\" \/><\/a><\/span><div class=\"lcp-container\"><h3><a href=\"https:\/\/www.icterra.pt\/legacy\/index.php\/2024\/03\/15\/geologia-as-4as-2\/\" title=\"Geologia \u00e0s 4as\">Geologia \u00e0s 4as<\/a><\/h3>    <p class=\"lcp_excerpt\">T\u00edtulo: &#8220;The future of coal in India and\u00a0an overview of coal fly ash production and utilization in India\u201d\n\nPalestrante:\u00a0Dr. Bibhuranjan Nayak (Chief Scientist &amp; Head, Central Characterization Department\u00a0CSIR-Institute of Minerals and Materials Technology)\n\n\nO encontro ir\u00e1 realizar-se no dia\u00a020&#8211;03-2024\u00a0(quarta-feira)\u00a0\u00e0s 14h30\u00a0no Departamento de Geoci\u00eancias, Ambiente e Ordenamento de Territ\u00f3rio (FC3), no anfiteatro -119.\u00a0\n\u00a0\nSimultaneamente\u00a0ser\u00e1 transmitido em direto via zoom ...<\/p><div class=\"morelink\"> <a href=\"https:\/\/www.icterra.pt\/legacy\/index.php\/2024\/03\/15\/geologia-as-4as-2\/\"  >Read more...<\/a><\/div><\/div><\/div><div class=\"postlist withthumb cardview\"><span class=\"thumbmagic\"><a href=\"https:\/\/www.icterra.pt\/legacy\/index.php\/2023\/07\/13\/mestrado-em-ciencias-da-terra-e-da-atmosfera-e-doutoramento-em-ciencias-da-terra-e-do-espaco-universidade-de-evora\/\" title=\"Mestrado em Ci\u00eancias da Terra e da Atmosfera e Doutoramento em Ci\u00eancias da Terra e do Espa\u00e7o - Universidade de \u00c9vora\"><img loading=\"lazy\" decoding=\"async\" width=\"300\" height=\"169\" src=\"https:\/\/www.icterra.pt\/legacy\/wp-content\/uploads\/2023\/07\/Pasted-into--300x169.jpg\" class=\"lcp_thumbnail wp-post-image\" alt=\"Mestrado em Ci\u00eancias da Terra e da Atmosfera e Doutoramento em Ci\u00eancias da Terra e do Espa\u00e7o - Universidade de \u00c9vora\" srcset=\"https:\/\/www.icterra.pt\/legacy\/wp-content\/uploads\/2023\/07\/Pasted-into--300x169.jpg 300w, https:\/\/www.icterra.pt\/legacy\/wp-content\/uploads\/2023\/07\/Pasted-into--1024x576.jpg 1024w, https:\/\/www.icterra.pt\/legacy\/wp-content\/uploads\/2023\/07\/Pasted-into--768x432.jpg 768w, https:\/\/www.icterra.pt\/legacy\/wp-content\/uploads\/2023\/07\/Pasted-into--820x461.jpg 820w, https:\/\/www.icterra.pt\/legacy\/wp-content\/uploads\/2023\/07\/Pasted-into-.jpg 1280w\" sizes=\"(max-width: 300px) 100vw, 300px\" \/><\/a><\/span><div class=\"lcp-container\"><h3><a href=\"https:\/\/www.icterra.pt\/legacy\/index.php\/2023\/07\/13\/mestrado-em-ciencias-da-terra-e-da-atmosfera-e-doutoramento-em-ciencias-da-terra-e-do-espaco-universidade-de-evora\/\" title=\"Mestrado em Ci\u00eancias da Terra e da Atmosfera e Doutoramento em Ci\u00eancias da Terra e do Espa\u00e7o &#8211; Universidade de \u00c9vora\">Mestrado em Ci\u00eancias da Terra e da Atmosfera e Doutoramento em Ci\u00eancias da Terra e do Espa\u00e7o &#8211; Universidade de \u00c9vora<\/a><\/h3>    <p class=\"lcp_excerpt\">Mestrado em Ci\u00eancias da Terra e da Atmosfera e Doutoramento em Ci\u00eancias da Terra e do Espa\u00e7o - Universidade de \u00c9vora<\/p><div class=\"morelink\"> <a href=\"https:\/\/www.icterra.pt\/legacy\/index.php\/2023\/07\/13\/mestrado-em-ciencias-da-terra-e-da-atmosfera-e-doutoramento-em-ciencias-da-terra-e-do-espaco-universidade-de-evora\/\"  >Read more...<\/a><\/div><\/div><\/div>\n","protected":false},"excerpt":{"rendered":"","protected":false},"author":2,"featured_media":0,"parent":0,"menu_order":0,"comment_status":"closed","ping_status":"closed","template":"","meta":{"footnotes":""},"_links":{"self":[{"href":"https:\/\/www.icterra.pt\/legacy\/index.php\/wp-json\/wp\/v2\/pages\/1183"}],"collection":[{"href":"https:\/\/www.icterra.pt\/legacy\/index.php\/wp-json\/wp\/v2\/pages"}],"about":[{"href":"https:\/\/www.icterra.pt\/legacy\/index.php\/wp-json\/wp\/v2\/types\/page"}],"author":[{"embeddable":true,"href":"https:\/\/www.icterra.pt\/legacy\/index.php\/wp-json\/wp\/v2\/users\/2"}],"replies":[{"embeddable":true,"href":"https:\/\/www.icterra.pt\/legacy\/index.php\/wp-json\/wp\/v2\/comments?post=1183"}],"version-history":[{"count":17,"href":"https:\/\/www.icterra.pt\/legacy\/index.php\/wp-json\/wp\/v2\/pages\/1183\/revisions"}],"predecessor-version":[{"id":1773,"href":"https:\/\/www.icterra.pt\/legacy\/index.php\/wp-json\/wp\/v2\/pages\/1183\/revisions\/1773"}],"wp:attachment":[{"href":"https:\/\/www.icterra.pt\/legacy\/index.php\/wp-json\/wp\/v2\/media?parent=1183"}],"curies":[{"name":"wp","href":"https:\/\/api.w.org\/{rel}","templated":true}]}}